{"id":1808,"date":"2020-03-11T08:29:16","date_gmt":"2020-03-11T06:29:16","guid":{"rendered":"https:\/\/arktisenlapinys.fi\/?page_id=1808"},"modified":"2025-01-21T14:57:32","modified_gmt":"2025-01-21T12:57:32","slug":"njea%ca%b9sshuall","status":"publish","type":"page","link":"https:\/\/arktisenlapinys.fi\/sms-fi\/njea%ca%b9sshuall\/","title":{"rendered":"Nje\u00e4\u02b9\u0161\u0161hu\u00e2ll"},"content":{"rendered":"\n<div class=\"wp-block-group has-global-padding is-layout-constrained wp-block-group-is-layout-constrained\">\n<div class=\"wp-block-columns is-layout-flex wp-container-core-columns-is-layout-1 wp-block-columns-is-layout-flex\">\n<div class=\"wp-block-column is-layout-flow wp-block-column-is-layout-flow\" style=\"flex-basis:66.66%\">\n<div class=\"wp-block-group has-global-padding is-layout-constrained wp-block-group-is-layout-constrained\">\n<h2 class=\"wp-block-heading\">Nje\u00e4\u02b9\u0161\u0161hu\u00e2ll<\/h2>\n\n\n\n<div class=\"wp-block-group has-alys-trans-red-background-color has-background has-global-padding is-layout-constrained wp-container-core-group-is-layout-1 wp-block-group-is-layout-constrained\" style=\"border-radius:1.75em;margin-top:1em;margin-bottom:1em;padding-top:2em;padding-right:1em;padding-bottom:2em;padding-left:1em\">\n<p>Nje\u00e4\u02b9\u0161\u0161hu\u00e2last Su\u00e4\u02b9\u0111jel, Aanar, Muonio di Je\u00e4n\u00f5\u00f5\u01e5\u01e5 koo\u02b9ddi vuu\u02b9dest va\u02b9sttad <a href=\"https:\/\/lapeco.fi\/\"><mark style=\"background-color:rgba(0, 0, 0, 0);color:#3c1cc0\" class=\"has-inline-color\">Lappi Nje\u00e4\u02b9\u0161\u0161hu\u00e2ll k\u00e5\u02b9dd\u00f5htt\u00f5s Lapeco<\/mark><\/a>. Uccjoo\u01e5\u01e5 k\u00e5\u00e5\u02b9dd vuu\u02b9dest nje\u00e4\u02b9\u0161\u0161hu\u00e2last va\u02b9sttad <a href=\"https:\/\/www.utsjoki.fi\/kuntalaiselle\/tekniset-palvelut\/jatehuolto\/\" target=\"_blank\" rel=\"noreferrer noopener\"><mark style=\"background-color:rgba(0, 0, 0, 0);color:#3c1cc0\" class=\"has-inline-color\">Uccjoo\u01e5\u01e5 k\u00e5\u00e5\u02b9dd nje\u00e4\u02b9\u0161\u0161hu\u00e2ll<\/mark><\/a> da nje\u00e4\u02b9\u0161\u0161noorrm\u00f5\u00f5\u017e\u017e\u00e2st va\u02b9sttad <a href=\"https:\/\/urbaser.fi\/\" target=\"_blank\" rel=\"noreferrer noopener\"><mark style=\"background-color:rgba(0, 0, 0, 0);color:#3c1cc0\" class=\"has-inline-color\">URBASER Oy<\/mark><\/a>. Vee\u02b9zz Aarktla\u017e Lappi pirr\u00f5s-su\u00f5jjlem vuu\u02b9dest k\u00e4unn\u02bcje Suomen Pakkauskierr\u00e4tys RINKI Oy p\u00e4\u00e4i\u02b9\u01e9 (<a href=\"https:\/\/rinkiin.fi\/kotitalouksille\/rinki-ekopisteet\" target=\"_blank\" rel=\"noreferrer noopener\"><mark style=\"background-color:rgba(0, 0, 0, 0);color:#3c1cc0\" class=\"has-inline-color\">Rinki Oy:n ekopisteet<\/mark><\/a>).<\/p>\n<\/div>\n<\/div>\n\n\n\n<div class=\"wp-block-group is-layout-flow wp-block-group-is-layout-flow\">\n<h2 class=\"wp-block-heading\">P\u00f5rggsi nje\u00e4\u02b9\u0161\u0161hu\u00e2ll<\/h2>\n\n\n\n<div class=\"wp-block-group has-alys-trans-red-background-color has-background has-global-padding is-layout-constrained wp-container-core-group-is-layout-3 wp-block-group-is-layout-constrained\" style=\"border-radius:1.75em;margin-top:1em;margin-bottom:1em;padding-top:2em;padding-right:1em;padding-bottom:2em;padding-left:1em\">\n<p>P\u00f5rgg\u00e2z da \u00f5httsa\u017ek\u00e5\u00e5\u02b9dd va\u02b9sttee jiijj nje\u00e4\u02b9\u0161\u0161hu\u00e2l ri\u00e2\u0161\u0161m\u00f5\u00f5\u017e\u017e\u00e2st da t\u00f5n koolain. P\u00f5rggsin \u0161\u00f5ddi nje\u00e4\u02b9\u0161\u0161 da p\u00f5rggsi nje\u00e4\u02b9\u0161\u0161hu\u00e2l ri\u00e2\u0161\u0161m\u00f5\u0161 ji\u00e2 kuul k\u00e5\u00e5\u02b9dd va\u02b9stt\u00f5sse. P\u00f5rggsi nje\u00e4\u02b9\u0161\u0161hu\u00e2l toi\u02b9mmjemvu\u00f5\u0111 vu\u00e5ppm\u00f5\u0161 lij pirr\u00f5s-su\u00f5jjlemve\u02b9r\u01e7\u01e7nee\u02b9\u01e9\u01e9 vastt\u00f5\u00f5zz\u00e2st.<\/p>\n\n\n\n<p>Nje\u00e4\u02b9\u0161\u0161l\u00e4\u00e4\u02b9jj da -aset\u00f5\u00f5zz mie\u02b9ldd p\u00f5rggsest lij tie\u02b9ttem- da \u01e9ee\u02b9rjtue\u02b9ll\u02bcj\u00f5s\u00f5\u00f5l\u01e5temvu\u00f5tt p\u00f5rggsest \u0161\u00f5dd\u00e2m njie\u02b9\u0161\u0161i \u0161laaj\u00e2st, me\u00e4\u02b9rest di pirr\u00f5s- da ti\u00f5rv\u00e2svu\u00f5ttvaaikt\u00f5\u00f5zzin. \u01e8ee\u02b9rjtue\u02b9ll\u02bcj\u00f5\u00f5zz \u00e2\u02b9l\u01e7\u01e7e seeilted uu\u02b9ccm\u00f5s\u00e2n kutt ee\u02b9jj. Njie\u02b9\u0161\u0161id vu\u00e4\u01ef\u01ef lu\u00f5vted t\u00e5\u02b9l\u01e9 t\u00f5\u00f5zz, \u01e9e\u00e4\u02b9st lij nje\u00e4\u02b9\u0161\u0161hu\u00e2llrekistee\u02b9r le\u02b9be pirr\u00f5sl\u00e5\u00e5\u02b9v nu\u00e4jja vu\u00f5igg\u00e2dvu\u00f5tt v\u00e4\u02b9ldded ti\u00f5ttum njie\u02b9\u0161\u0161 vu\u00e2stta.<\/p>\n\n\n\n<p>Njie\u02b9\u0161\u0161 vu\u00e4\u02b9msteei \u00e2lgg raajj\u00e2d serdd\u00e4\u02b9\u0161\u0161\u01e9ee\u02b9rj vaarla\u017e njie\u02b9\u0161\u0161est, sako- da obbk\u00e4ivvm\u00e5\u00e5\u02b9\u0111est, vu\u00f5dd\u00e2z- da vu\u00f5jj-j\u00e4rreemk\u00e4\u00e4ivai m\u00e5\u00e5\u02b9\u0111est di torkkj\u00f5\u00f5vv\u00e2m m\u00e4ddaunnsest da jee\u02b9res raaj\u00e2m- da pu\u02b9r\u01e7\u01e7eemnjie\u02b9\u0161\u0161est.<\/p>\n<\/div>\n\n\n\n<hr class=\"wp-block-separator has-alpha-channel-opacity\" style=\"margin-top:2em;margin-bottom:4em\"\/>\n<\/div>\n\n\n\n<div class=\"wp-block-group is-layout-flow wp-block-group-is-layout-flow\">\n<h2 class=\"wp-block-heading\">Vaarla\u017e njie\u02b9\u0161\u0161<\/h2>\n\n\n\n<div class=\"wp-block-group has-alys-trans-red-background-color has-background has-global-padding is-layout-constrained wp-container-core-group-is-layout-5 wp-block-group-is-layout-constrained\" style=\"border-radius:1.75em;margin-top:1em;margin-bottom:1em;padding-top:2em;padding-right:1em;padding-bottom:2em;padding-left:1em\">\n<p>Vaarla\u017e nje\u00e4\u02b9\u0161\u0161 (\u00e4\u00e4i\u02b9jben h\u00e4ittnall\u0161e\u02b9mmen klasst\u00f5llum nje\u00e4\u02b9\u0161\u0161) lij pue\u02b9llem- le\u02b9be pacc\u00e2mvaarla\u017e, nju\u00e4mmamvaarla\u017e le\u02b9be jee\u02b9res naa\u02b9lin ti\u00f5rv\u00e2svu\u00f5\u02b9tte le\u02b9be pirr\u00f5\u02b9sse vaarla\u017e. Vaarla\u017e njie\u02b9\u0161\u0161 li\u00e2 je\u00e4\u02b9rbi mie\u02b9ldd nje\u00e4\u02b9\u0161\u0161oolj, jee\u02b9res ooljt\u00f5\u00f5vv\u00e2m njie\u02b9\u0161\u0161, \u00e2\u00e2nnm\u00f5\u00f5\u017e\u017e\u00e2st l\u00e4\u02b9\u01e7\u01e7stum li\u00e2dggnoorri, liuggeemaunn\u00e2z, liim, \u010d\u00e4ccas k\u00e4\u00e4lk,vaull-, \u010du\u00e4ckkeei- da \u00f5htteemne\u00e4vvkolgg\u00e2z, ji\u0161mmnj\u00e2mmtum mu\u00f5rr, asbee\u02b9st se\u02b9st \u00f5\u00f5\u02b9nni pu\u02b9r\u01e7\u01e7eem-materiaal, talkk\u00e2z, \u010du\u00f5\u02b9vvesp\u00e5\u02b9cc-\u010du\u00f5v di p\u00e4ttar.<\/p>\n\n\n\n<p>Vaarla\u017e nje\u00e4\u02b9\u0161\u0161 \u00e2lgg pa\u02b9\u01e9\u01e9eed, me\u00e4rkkad da j\u00e5\u00e5\u02b9\u0111ted nu\u02b9t, \u0161to ij vaarla\u017e njie\u02b9\u0161\u0161 \u01e9i\u00f5tt\u02bct\u00f5\u00f5llm\u00f5\u00f5\u017e\u017e\u00e2st da j\u00e5\u00e5\u02b9\u0111tumm\u0161est \u0161\u00f5\u00f5dd\u010di vaarr. Vaarla\u017e njie\u02b9\u0161\u0161id ij vu\u00e4\u01ef\u01ef sie\u02b9jjted k\u00f5skkneez le\u02b9be jee\u02b9res njie\u02b9\u0161\u0161id. Vaarla\u017e njie\u02b9\u0161\u0161 \u00e2\u02b9l\u01e7\u01e7e t\u00e5\u00e5imted p\u00e2i k\u00f5\u00f5\u010d\u010dm\u00f5\u00f5\u017e\u017e\u00e2st \u00e5\u00e5rrai veer\u01e5la\u017e vu\u00e2sttav\u00e4\u02b9lddemp\u00e4\u00e4i\u02b9\u01e9 p\u00e4ikka, ko\u02b9st lij l\u00e5\u00e5\u02b9pp vu\u00e2sttav\u00e4\u02b9ldded k\u00f5\u00f5\u010d\u010dm\u00f5\u00f5\u017e\u017e\u00e2st \u00e5\u00e5rrai njie\u02b9\u0161\u0161.<\/p>\n<\/div>\n\n\n\n<hr class=\"wp-block-separator has-alpha-channel-opacity\" style=\"margin-top:2em;margin-bottom:4em\"\/>\n<\/div>\n\n\n\n<div class=\"wp-block-group is-layout-flow wp-block-group-is-layout-flow\">\n<h2 class=\"wp-block-heading\">Oljjsk\u00e4\u00e4\u0111<\/h2>\n\n\n\n<div class=\"wp-block-group has-alys-trans-red-background-color has-background has-global-padding is-layout-constrained wp-container-core-group-is-layout-7 wp-block-group-is-layout-constrained\" style=\"border-radius:1.75em;margin-top:1em;margin-bottom:1em;padding-top:2em;padding-right:1em;padding-bottom:2em;padding-left:1em\">\n<p>Oljjsk\u00e4\u00e4\u0111ain \u00e2lgg i\u02b9lmmted m\u00e2\u00e2\u02b9jee\u01e9\u00e2ni\u00a0<a href=\"http:\/\/www.lapinpelastuslaitos.fi\/yhteystiedot\/\"><mark style=\"background-color:rgba(0, 0, 0, 0);color:#3c1cc0\" class=\"has-inline-color\">pe\u00e4l\u0161temve\u02b9r\u01e7\u01e7nekka<\/mark><\/a>\u00a0di pirr\u00f5s-su\u00f5jjlemve\u02b9r\u01e7\u01e7nekka.<\/p>\n<\/div>\n\n\n\n<hr class=\"wp-block-separator has-alpha-channel-opacity\" style=\"margin-top:2em;margin-bottom:4em\"\/>\n<\/div>\n\n\n\n<div class=\"wp-block-group is-layout-flow wp-block-group-is-layout-flow\" style=\"margin-top:2em;margin-bottom:4em\">\n<h2 class=\"wp-block-heading\">Njie\u02b9\u0161\u0161ummu\u0161\/Ro\u02b9s\u01e9\u01e9ummu\u0161<\/h2>\n\n\n\n<div class=\"wp-block-group has-alys-trans-red-background-color has-background has-global-padding is-layout-constrained wp-container-core-group-is-layout-9 wp-block-group-is-layout-constrained\" style=\"border-radius:1.75em;margin-top:1em;margin-bottom:1em;padding-top:2em;padding-right:1em;padding-bottom:2em;padding-left:1em\">\n<p>Pirr\u00f5\u02b9sse ij vu\u00e4\u01ef\u01ef kue\u02b9\u0111\u0111ed njie\u02b9\u0161\u0161id, ma\u0161inaid, aparaattid, vuejjamne\u00e4vvaid, k\u00e4\u00e4rbid le\u02b9be jee\u02b9res t\u00e4\u02b9vvrid, ij-\u01e5a pe\u00e4\u02b9stted nje\u00e4\u02b9\u0161\u0161aunnsid nu\u02b9t, \u0161to t\u00f5\u02b9st vuei\u02b9tte \u0161\u00f5dd\u00e2d njie\u02b9\u0161\u0161eem, torkkm\u00f5\u00f5\u017e\u017e, kue\u02b9stelm r\u00e5\u00e5\u02b9\u0111eem, ru\u00e4ssv\u00f5svu\u00f5\u0111 uu\u02b9cceei, oummu le\u02b9be jie\u02b9lli lu\u00e2mm\u0161\u00f5\u00f5vv\u00e2m vaar le\u02b9be t\u00f5id paaldeem vaar le\u02b9be h\u00e4\u00e4it (nje\u00e4\u02b9\u0161\u0161l\u00e4\u00e4\u02b9\u01e9\u01e9 646\/2011 72 \u00a7, ro\u02b9s\u01e9\u01e9eem\u01e9i\u00f5ld).<\/p>\n\n\n\n<p>Roskkeei \u00e2lgg \u010diist\u00e2d suu ro\u02b9s\u01e9\u01e9eem p\u00e4\u00e4i\u02b9\u01e9. J\u00f5s ro\u02b9s\u01e9\u01e9eei je\u00e4t vuei\u02b9t se\u02b9lvvted, \u010diist\u00e2m\u00f5\u00f5l\u01e5t\u00f5s lij vuei\u02b9vv\u00e4\u00e4\u02b9\u0161\u0161est vuu\u02b9d vu\u00e4\u02b9mstee\u02b9jest.&nbsp;K\u00e5\u00e5\u02b9dd pirr\u00f5s-su\u00f5jjlemve\u02b9r\u01e7\u01e7ne\u01e9 vu\u00e4itt mie\u02b9rreed \u010diist\u00e2d \u00f5\u00f5l\u01e5tum \u00e4\u02b9\u0161\u0161vu\u00e4\u02b9msteei tieu\u02b9dded \u00f5\u00f5l\u01e5temvu\u00f5\u0111\u00e2s.<\/p>\n\n\n\n<p>Pirr\u00f5s-su\u00f5jjlemve\u02b9r\u01e7\u01e7nekka vu\u00e4itt tuejjeed i\u02b9lmmt\u00f5\u00f5zz ro\u02b9s\u01e9\u01e9uum vuu\u02b9dest le\u02b9be p\u00e4\u00e4i\u02b9\u01e9est. \u01e8ee\u02b9rjed i\u02b9lmmt\u00f5\u02b9sse m\u00e5kam njie\u02b9\u0161\u0161in lij k\u00f5\u00f5\u010d\u010dm\u00f5\u0161 da m\u00f5\u00f5n ji\u00e2nnai njie\u02b9\u0161\u0161 li\u00e2, ro\u02b9s\u01e9\u01e9uump\u00e4\u00e4i\u02b9\u01e9 t\u00e4\u00e4\u02b9r\u01e9es addr\u00f5s le\u02b9be kartt di jiijjad \u00f5httvu\u00f5\u0111te\u00e2\u0111. Piij i\u02b9lmmt\u00f5\u02b9sse vuei\u02b9tlva\u017evu\u00f5\u0111i mie\u02b9ldd \u0161e snimld\u00f5\u00f5\u01e5\u01e5id ro\u02b9s\u01e9\u01e9uum p\u00e4\u00e4i\u02b9\u01e9est. I\u02b9lmmt\u00f5\u00f5zz vu\u00e4itak tuejjeed \u01e9eerjl\u00e2nji ouddmi\u00e2rkk\u00e2n ne\u02b9ttp\u00e5\u00e5\u02b9\u0161tin addr\u00f5\u02b9sse&nbsp;<a href=\"mailto:ymparistonsuojelu@sodankyla.fi\">ymparistonsuojelu@sodankyla.fi<\/a>.<\/p>\n<\/div>\n\n\n\n<hr class=\"wp-block-separator has-alpha-channel-opacity\" style=\"margin-top:2em;margin-bottom:4em\"\/>\n<\/div>\n\n\n\n<div class=\"wp-block-group is-layout-flow wp-block-group-is-layout-flow\">\n<h2 class=\"wp-block-heading\">I\u02b9lmmt\u00f5s njie\u02b9\u0161\u0161 \u00e4mmtalla\u0161 noorr\u00e2mtoi\u02b9mmjumm\u0161est nje\u00e4\u02b9\u0161\u0161hu\u00e2llrekisteera<\/h2>\n\n\n\n<div class=\"wp-block-group has-alys-trans-red-background-color has-background has-global-padding is-layout-constrained wp-container-core-group-is-layout-11 wp-block-group-is-layout-constrained\" style=\"border-radius:1.75em;margin-top:1em;margin-bottom:1em;padding-top:2em;padding-right:1em;padding-bottom:2em;padding-left:1em\">\n<p>Njie\u02b9\u0161\u0161 \u00e4mmtalla\u0161 noorrm\u00f5\u00f5\u017e\u017e harjjteei \u00e2lgg tuejjeed nje\u00e4\u02b9\u0161\u0161l\u00e4\u00e4\u02b9jj 100 \u00a7 me\u00e2ldla\u017e i\u02b9lmmt\u00f5s nje\u00e4\u02b9\u0161\u0161hu\u00e2llrekisteera me\u00e2rkkm\u00f5\u00f5\u017e\u017e di\u00f5tt k\u00e5\u00e5\u02b9dd pirr\u00f5s-su\u00f5jjlemve\u02b9r\u01e7\u01e7nekka. <\/p>\n\n\n\n<p>Njie\u02b9\u0161\u0161 noorrm\u00f5\u00f5\u017e\u017ein juu\u02b9rdet nje\u00e4\u02b9\u0161\u0161l\u00e4\u00e4\u02b9jj 6 \u00a7 mie\u02b9ldd njie\u02b9\u0161\u0161 noorrm\u00f5\u00f5\u017e\u017e \u01e9iidd\u00e2lm vu\u00e4\u02b9msteei, k\u00e5\u00e5\u02b9dd, puu\u02b9t\u02bcteei, ju\u00f5\u02b9\u01e9\u01e9i le\u02b9be jee\u02b9res j\u00e4\u02b9rjstem vu\u00e2sttav\u00e4\u02b9lddemp\u00e4ikka ji\u00f5\u010d\u010dt\u00e5\u00e5imla\u017e \u01e9i\u00f5tt\u02bct\u00f5\u00f5llm\u00f5\u00f5\u017e\u017e di\u00f5tt le\u02b9be njie\u02b9\u0161\u0161i j\u00e5\u00e5\u02b9\u0111tem di\u00f5tt \u01e9i\u00f5tt\u02bct\u00f5\u00f5llm\u00f5\u02b9\u0161\u0161e, mie\u02b9ldd loo\u01e5\u01e5ee\u02b9l njie\u02b9\u0161\u0161i vu\u00e2\u0111\u0111eei \u0161lajjummu\u0161 da k\u00f5skkpoddsa\u017e ru\u00f5kkm\u00f5\u0161. I\u02b9lmmt\u00f5\u00f5zz \u01e9i\u00f5tt\u02bct\u00f5\u00f5llm\u00f5\u00f5\u017e\u017e\u00e2st pe\u02b9rrjet m\u00e4\u00e4us. Ilmmt\u00f5\u02b9sse taarb\u0161emvu\u00e2la lomaakk k\u00e4unn\u02bcje\u00a0<a href=\"https:\/\/www.suomi.fi\/palvelut\/lomake\/ilmoitus-jatteen-ammattimaisesta-keraystoiminnasta-jatehuoltorekisteriin-elinkeino-liikenne-ja-ymparistokeskus\/1eb02ecf-f9db-45f3-87df-4d25d3f5a7f9\" target=\"_blank\" rel=\"noreferrer noopener\"><mark style=\"background-color:rgba(0, 0, 0, 0);color:#3c1cc0\" class=\"has-inline-color\">Suomi.fi-k\u00e4\u00e4zzk\u00f5\u00f5zz\u00e2st<\/mark><\/a>.<\/p>\n<\/div>\n\n\n\n<hr class=\"wp-block-separator has-alpha-channel-opacity\" style=\"margin-top:2em;margin-bottom:4em\"\/>\n<\/div>\n<\/div>\n\n\n\n<div class=\"wp-block-column is-layout-flow wp-block-column-is-layout-flow\" style=\"flex-basis:33.33%\">\n<h3 class=\"wp-block-heading\">Asiakirjat<\/h3>\n\n\n\n<p class=\"links\" style=\"margin-top:1em;margin-bottom:1em\"><a href=\"https:\/\/media.voog.com\/0000\/0044\/2776\/files\/1.7.2022%20Kunnalliset%20j%C3%A4tehuoltom%C3%A4%C3%A4r%C3%A4ykset-1.pdf\">Lapin J\u00e4tehuolto kuntayhtym\u00e4 &#8211; j\u00e4tehuoltom\u00e4\u00e4r\u00e4ykset (pdf)<\/a><\/p>\n\n\n\n<p class=\"links\" style=\"margin-top:1em;margin-bottom:1em\"><a href=\"https:\/\/www.utsjoki.fi\/wp-content\/uploads\/2019\/07\/utsjoen-kunnan-jatehuoltomaaraykset-2014-uudet.pdf\">Utsjoen kunnan j\u00e4tehuoltom\u00e4\u00e4r\u00e4ykset (pdf)<\/a><\/p>\n\n\n\n<h3 class=\"wp-block-heading links\">Linkit<\/h3>\n\n\n\n<p class=\"links\"><a href=\"https:\/\/www.finlex.fi\/fi\/laki\/ajantasa\/2011\/20110646\">J\u00e4telaki (646\/2011)<\/a><\/p>\n\n\n\n<p class=\"links\"><a href=\"https:\/\/finlex.fi\/fi\/laki\/alkup\/2021\/20210978\">Valtioneuvoston asetus j\u00e4tteist\u00e4 (978\/2021)<\/a><\/p>\n\n\n\n<p class=\"links\"><a href=\"https:\/\/www.kierratys.info\/\">Kierr\u00e4tys.info<\/a><\/p>\n\n\n\n<p class=\"links\"><a href=\"https:\/\/vaarallinenjate.fi\/\">vaarallinenjate.fi<\/a><\/p>\n\n\n\n<p class=\"links\"><a href=\"https:\/\/jatehuoltokompassi.fi\/\">J\u00e4tehuoltokompassi.fi<\/a><\/p>\n<\/div>\n<\/div>\n<\/div>\n","protected":false},"excerpt":{"rendered":"<p>Nje\u00e4\u02b9\u0161\u0161hu\u00e2ll Nje\u00e4\u02b9\u0161\u0161hu\u00e2last Su\u00e4\u02b9\u0111jel, Aanar, Muonio di Je\u00e4n\u00f5\u00f5\u01e5\u01e5 koo\u02b9ddi vuu\u02b9dest va\u02b9sttad Lappi Nje\u00e4\u02b9\u0161\u0161hu\u00e2ll k\u00e5\u02b9dd\u00f5htt\u00f5s Lapeco. Uccjoo\u01e5\u01e5 k\u00e5\u00e5\u02b9dd vuu\u02b9dest nje\u00e4\u02b9\u0161\u0161hu\u00e2last va\u02b9sttad Uccjoo\u01e5\u01e5 k\u00e5\u00e5\u02b9dd nje\u00e4\u02b9\u0161\u0161hu\u00e2ll da nje\u00e4\u02b9\u0161\u0161noorrm\u00f5\u00f5\u017e\u017e\u00e2st va\u02b9sttad URBASER Oy. Vee\u02b9zz Aarktla\u017e Lappi pirr\u00f5s-su\u00f5jjlem vuu\u02b9dest k\u00e4unn\u02bcje Suomen Pakkauskierr\u00e4tys RINKI Oy p\u00e4\u00e4i\u02b9\u01e9 (Rinki Oy:n ekopisteet). P\u00f5rggsi nje\u00e4\u02b9\u0161\u0161hu\u00e2ll P\u00f5rgg\u00e2z da \u00f5httsa\u017ek\u00e5\u00e5\u02b9dd va\u02b9sttee jiijj nje\u00e4\u02b9\u0161\u0161hu\u00e2l ri\u00e2\u0161\u0161m\u00f5\u00f5\u017e\u017e\u00e2st da t\u00f5n koolain. P\u00f5rggsin \u0161\u00f5ddi [&hellip;]<\/p>\n","protected":false},"author":1,"featured_media":1615,"parent":0,"menu_order":0,"comment_status":"closed","ping_status":"closed","template":"","meta":{"footnotes":""},"class_list":["post-1808","page","type-page","status-publish","has-post-thumbnail","hentry"],"_links":{"self":[{"href":"https:\/\/arktisenlapinys.fi\/sms-fi\/wp-json\/wp\/v2\/pages\/1808","targetHints":{"allow":["GET"]}}],"collection":[{"href":"https:\/\/arktisenlapinys.fi\/sms-fi\/wp-json\/wp\/v2\/pages"}],"about":[{"href":"https:\/\/arktisenlapinys.fi\/sms-fi\/wp-json\/wp\/v2\/types\/page"}],"author":[{"embeddable":true,"href":"https:\/\/arktisenlapinys.fi\/sms-fi\/wp-json\/wp\/v2\/users\/1"}],"replies":[{"embeddable":true,"href":"https:\/\/arktisenlapinys.fi\/sms-fi\/wp-json\/wp\/v2\/comments?post=1808"}],"version-history":[{"count":3,"href":"https:\/\/arktisenlapinys.fi\/sms-fi\/wp-json\/wp\/v2\/pages\/1808\/revisions"}],"predecessor-version":[{"id":2447,"href":"https:\/\/arktisenlapinys.fi\/sms-fi\/wp-json\/wp\/v2\/pages\/1808\/revisions\/2447"}],"wp:featuredmedia":[{"embeddable":true,"href":"https:\/\/arktisenlapinys.fi\/sms-fi\/wp-json\/wp\/v2\/media\/1615"}],"wp:attachment":[{"href":"https:\/\/arktisenlapinys.fi\/sms-fi\/wp-json\/wp\/v2\/media?parent=1808"}],"curies":[{"name":"wp","href":"https:\/\/api.w.org\/{rel}","templated":true}]}}