{"id":1762,"date":"2020-03-11T08:29:16","date_gmt":"2020-03-11T06:29:16","guid":{"rendered":"https:\/\/arktisenlapinys.fi\/?page_id=1762"},"modified":"2025-01-21T14:46:28","modified_gmt":"2025-01-21T12:46:28","slug":"pasattashuolattas","status":"publish","type":"page","link":"https:\/\/arktisenlapinys.fi\/smn-fi\/pasattashuolattas\/","title":{"rendered":"Pas\u00e2tt\u00e2shuol\u00e2tt\u00e2s"},"content":{"rendered":"\n<div class=\"wp-block-group has-global-padding is-layout-constrained wp-block-group-is-layout-constrained\">\n<div class=\"wp-block-columns is-layout-flex wp-container-core-columns-is-layout-1 wp-block-columns-is-layout-flex\">\n<div class=\"wp-block-column is-layout-flow wp-block-column-is-layout-flow\" style=\"flex-basis:66.66%\">\n<div class=\"wp-block-group has-global-padding is-layout-constrained wp-block-group-is-layout-constrained\">\n<h2 class=\"wp-block-heading\">Pas\u00e2tt\u00e2shuol\u00e2tt\u00e2s<\/h2>\n\n\n\n<div class=\"wp-block-group has-alys-trans-red-background-color has-background has-global-padding is-layout-constrained wp-container-core-group-is-layout-1 wp-block-group-is-layout-constrained\" style=\"border-radius:1.75em;margin-top:1em;margin-bottom:1em;padding-top:2em;padding-right:1em;padding-bottom:2em;padding-left:1em\">\n<p>Pas\u00e2tt\u00e2shuol\u00e2tt\u00e2s\u00e2st Su\u00e1\u0111igil, Aanaar, Muonio sehe I\u00e4nuduv kield\u00e2i ku\u00e1vlust v\u00e4stid <a href=\"https:\/\/lapeco.fi\/\"><mark style=\"background-color:rgba(0, 0, 0, 0);color:#3c1cc0\" class=\"has-inline-color\">Laapi Pas\u00e2tt\u00e2shuol\u00e2tt\u00e2s kield\u00e2ovt\u00e2stume Lapeco<\/mark><\/a>. Ucjuv kield\u00e2 ku\u00e1vlust pas\u00e2tt\u00e2shuol\u00e2tt\u00e2s\u00e2st v\u00e4stid <a href=\"https:\/\/www.utsjoki.fi\/kuntalaiselle\/tekniset-palvelut\/jatehuolto\/\"><mark style=\"background-color:rgba(0, 0, 0, 0);color:#3c1cc0\" class=\"has-inline-color\">Ucjuv kield\u00e2 pas\u00e2tt\u00e2shuol\u00e2tt\u00e2s<\/mark><\/a> j\u00e1 pas\u00e2tt\u00e2snur\u00e2mist v\u00e4stid <a href=\"https:\/\/urbaser.fi\/\"><mark style=\"background-color:rgba(0, 0, 0, 0);color:#3c1cc0\" class=\"has-inline-color\">URBASER Oy<\/mark><\/a>. Oles Arkt\u00e2sii Laapi pir\u00e2ssuoj\u00e2lem ku\u00e1vlust l\u00e1\u00e1 Suom\u00e2 Pakkamu\u0111\u0111\u00e2sistano RINKI Oy sajeh (<a href=\"https:\/\/rinkiin.fi\/kotitalouksille\/rinki-ekopisteet\"><mark style=\"background-color:rgba(0, 0, 0, 0);color:#3c1cc0\" class=\"has-inline-color\">Rinki Oy ekosajeh<\/mark><\/a>).<\/p>\n<\/div>\n<\/div>\n\n\n\n<div class=\"wp-block-group is-layout-flow wp-block-group-is-layout-flow\">\n<h2 class=\"wp-block-heading\">Finnoduv\u00e2i pas\u00e2tt\u00e2shuol\u00e2tt\u00e2s<\/h2>\n\n\n\n<div class=\"wp-block-group has-alys-trans-red-background-color has-background has-global-padding is-layout-constrained wp-container-core-group-is-layout-3 wp-block-group-is-layout-constrained\" style=\"border-radius:1.75em;margin-top:1em;margin-bottom:1em;padding-top:2em;padding-right:1em;padding-bottom:2em;padding-left:1em\">\n<p>Finnoduvah j\u00e1 si\u00e4rv\u00e1duvah v\u00e4stideh jieijah jieij\u00e2s pas\u00e2tt\u00e2shuol\u00e2tt\u00e2s orniimist j\u00e1 ton koloin. Finnoduv\u00e2in \u0161addee pas\u00e2tt\u00e2s j\u00e1 finnoduv\u00e2i pas\u00e2tt\u00e2shuol\u00e2tt\u00e2s ornim ij kuul\u00e2 kield\u00e2 ovd\u00e2sv\u00e1st\u00e1d\u00e2s\u00e2n. Finnoduv\u00e2i pas\u00e2tt\u00e2shuol\u00e2tt\u00e2s toim\u00e2m kocceem lii pir\u00e2ssuoj\u00e2lemvirgeom\u00e2h\u00e1\u00e1 ovd\u00e2sv\u00e1st\u00e1d\u00e2s\u00e2st.<\/p>\n\n\n\n<p>Pas\u00e2tt\u00e2slaav\u00e2 j\u00e1 -as\u00e2tt\u00e2s mield finnoduv\u00e2st lii \u010dielg\u00e2sinorroom- j\u00e1 kirjetu\u00e1lukenig\u00e2svuot\u00e2 finnoduv\u00e2st \u0161addee pas\u00e2tt\u00e2s\u00e2i kvaliteetist, meereest sehe pir\u00e2s- j\u00e1 tierv\u00e2svuo\u0111\u00e2vaikutt\u00e2s\u00e2in. Kirjetu\u00e1lu kalga si\u00e4ilutti\u0111 ucemust\u00e1\u00e1 kutt\u00e2 ihheed. Pas\u00e2tt\u00e2s toh u\u00e1\u017euh luov\u00e2tti\u0111 tu\u0161 toos, ki\u00e4st lii pas\u00e2tt\u00e2shuol\u00e2tt\u00e2sregister t\u00e2i pir\u00e2slove vu\u00e1\u0111uld vuoig\u00e2dvuot\u00e2 v\u00e4ldi\u0111 ti\u00e4tu pas\u00e2tt\u00e2s vu\u00e1st\u00e1.<\/p>\n\n\n\n<p>Pas\u00e2tt\u00e2s hald\u00e2\u0161eijee kalga r\u00e4hti\u0111 sirdem\u00e4\u0161\u0161ikirje var\u00e2lii pas\u00e2tt\u00e2s\u00e2st, su\u00e1hu- j\u00e1 ubb\u00e2k\u00e1ivumoo\u0111eest, \u010dunoi- j\u00e1 vuoj\u00e2i\u00e4ruttemk\u00e1\u00e1ivui moo\u0111eest sehe pill\u00e2\u0161um eenn\u00e2mamn\u00e2sist j\u00e1 eres huksim- j\u00e1 ra\u010d\u010dompas\u00e2tt\u00e2s\u00e2st.<\/p>\n<\/div>\n\n\n\n<hr class=\"wp-block-separator has-alpha-channel-opacity\" style=\"margin-top:2em;margin-bottom:4em\"\/>\n<\/div>\n\n\n\n<div class=\"wp-block-group is-layout-flow wp-block-group-is-layout-flow\">\n<h2 class=\"wp-block-heading\">Var\u00e2liih pas\u00e2tt\u00e2sah<\/h2>\n\n\n\n<div class=\"wp-block-group has-alys-trans-red-background-color has-background has-global-padding is-layout-constrained wp-container-core-group-is-layout-5 wp-block-group-is-layout-constrained\" style=\"border-radius:1.75em;margin-top:1em;margin-bottom:1em;padding-top:2em;padding-right:1em;padding-bottom:2em;padding-left:1em\">\n<p>Var\u00e2l\u00e2\u0161 pas\u00e2tt\u00e2s (ovdil probleempas\u00e2tt\u00e2s) lii pu\u00e1lu- t\u00e2i p\u00e4vkittemvar\u00e2l\u00e2\u0161, nju\u00e1mmoovar\u00e2l\u00e2\u0161 t\u00e2i mudoi tierv\u00e2svuot\u00e2n t\u00e2i pirr\u00e2s\u00e2n var\u00e2l\u00e2\u0161. Var\u00e2liih pas\u00e2tt\u00e2sah l\u00e1\u00e1 eereeb i\u00e4rr\u00e1s pas\u00e2tt\u00e2soljoh, eres olj\u00e1\u00e1s pas\u00e2tt\u00e2sah, ki\u00e4vtust medd\u00e2listum aakuh, laggiitt\u00e2sah, lijmeh, lakah, njuosk\u00e2 maalah, koocc\u00e2m-, \u010du\u00e1skudeijee- j\u00e1 jukkokolgoseh, teed\u00e2kalasittum muor\u00e2, asbest siskeldeijee ro\u010d\u010dum aamn\u00e2s, talkk\u00e2seh, \u010duov\u00e2pocceeh sehe pattereh.<\/p>\n\n\n\n<p>Var\u00e2lijd pas\u00e2tt\u00e2s\u00e2id kalga pakka\u0111, merkki\u0111 j\u00e1 jo\u0111etti\u0111 tienuuvt, ete var\u00e2lii pas\u00e2tt\u00e2s kie\u0111\u00e2vu\u0161\u0161\u00e2m j\u00e1 jo\u0111ettem ij toov\u00e2t vaar\u00e2. Var\u00e2lijd pas\u00e2tt\u00e2s\u00e2id ij u\u00e1\u017eu si\u00e4vutti\u0111 kosk\u00e2nis t\u00e2i eres pas\u00e2tt\u00e2ss\u00e1id. Var\u00e2lijd pas\u00e2tt\u00e2s\u00e2id kalga toim\u00e2tti\u0111 tu\u0161 ton pas\u00e2tt\u00e2s virg\u00e1lii vu\u00e1st\u00e1v\u00e4ldimsajan taggaar pi\u00e4l\u00e1n, ki\u00e4st lii lope v\u00e4ldi\u0111 vu\u00e1st\u00e1 eidu tom pas\u00e2tt\u00e2s.<\/p>\n<\/div>\n\n\n\n<hr class=\"wp-block-separator has-alpha-channel-opacity\" style=\"margin-top:2em;margin-bottom:4em\"\/>\n<\/div>\n\n\n\n<div class=\"wp-block-group is-layout-flow wp-block-group-is-layout-flow\">\n<h2 class=\"wp-block-heading\">Oljovah\u00e2geh<\/h2>\n\n\n\n<div class=\"wp-block-group has-alys-trans-red-background-color has-background has-global-padding is-layout-constrained wp-container-core-group-is-layout-7 wp-block-group-is-layout-constrained\" style=\"border-radius:1.75em;margin-top:1em;margin-bottom:1em;padding-top:2em;padding-right:1em;padding-bottom:2em;padding-left:1em\">\n<p>Oljovah\u00e2gijn kalga \u00e1j\u00e1tt\u00e2lh\u00e1nn\u00e1\u00e1 almotti\u0111\u00a0<a href=\"http:\/\/www.lapinpelastuslaitos.fi\/yhteystiedot\/\"><mark style=\"background-color:rgba(0, 0, 0, 0);color:#3c1cc0\" class=\"has-inline-color\">k\u00e1\u00e1ijumvirgeom\u00e2h\u00e2\u017e\u00e2n<\/mark><\/a>\u00a0sehe pir\u00e2ssuoj\u00e2lemvirgeom\u00e2h\u00e2\u017e\u00e2n.<\/p>\n<\/div>\n\n\n\n<hr class=\"wp-block-separator has-alpha-channel-opacity\" style=\"margin-top:2em;margin-bottom:4em\"\/>\n<\/div>\n\n\n\n<div class=\"wp-block-group is-layout-flow wp-block-group-is-layout-flow\" style=\"margin-top:2em;margin-bottom:4em\">\n<h2 class=\"wp-block-heading\">Roskim<\/h2>\n\n\n\n<div class=\"wp-block-group has-alys-trans-red-background-color has-background has-global-padding is-layout-constrained wp-container-core-group-is-layout-9 wp-block-group-is-layout-constrained\" style=\"border-radius:1.75em;margin-top:1em;margin-bottom:1em;padding-top:2em;padding-right:1em;padding-bottom:2em;padding-left:1em\">\n<p>Pirr\u00e2s\u00e2n ij u\u00e1\u017eu kye\u0111\u0111i\u0111 pas\u00e2tt\u00e2s, hilgo\u0111 maa\u0161in, pierg\u00e2s, fi\u00e4vru, k\u00e1rb\u00e1 t\u00e2i eres tii\u014bg\u00e2 ige lye\u0161ti\u0111 amn\u00e2s tienuuvt, ete tot toov\u00e2t turg\u00e1\u00e1vuo\u0111\u00e2, en\u00e2duv fastom, makkuuvuo\u0111\u00e2 ki\u00e4pp\u00e1nem, ulmuu t\u00e2i ellee lamm\u00e2\u0161um vaar\u00e2 t\u00e2i eres pald\u00e2l\u00e2s vaar\u00e2 t\u00e2i h\u00e1\u00e1itu (pas\u00e2tt\u00e2slaah\u00e2 646\/2011 72 \u00a7, roskimki\u00e4ldu).<\/p>\n\n\n\n<p>Ru\u00e1skejeijee kalga \u010durgi\u0111 jieij\u00e2s roskim ku\u00e1vlu. Jis i\u00e4 finnii ti\u00e4tun, ete kii ru\u00e1skejeijee lii, te \u010durgimkenig\u00e2svuot\u00e2 lii t\u00e1v\u00e1l\u00e1vt ku\u00e1vlu om\u00e2steijest.&nbsp;Kield\u00e2 pir\u00e2ssuoj\u00e2lemvirgeom\u00e2h\u00e2\u0161 pu\u00e1ht\u00e1 meridi\u0111 \u010durgimkenig\u00e2s ol\u00e1\u0161utti\u0111 jieij\u00e2s kenig\u00e2svuo\u0111\u00e2.<\/p>\n\n\n\n<p>Pir\u00e2ssuoj\u00e2lemvirgeom\u00e2h\u00e2\u017e\u00e2n pu\u00e1ht\u00e1 tooh\u00e2\u0111 almott\u00e2s ru\u00e1skejum ku\u00e1vlust. \u010c\u00e4\u00e4li almott\u00e2s\u00e2n, ete magarijn pas\u00e2tt\u00e2s\u00e2in lii ko\u010d\u010d\u00e2mu\u0161 ja mon ennuv pas\u00e2tt\u00e2s lii, roskimsaje t\u00e4rhis \u010dujott\u00e2s t\u00e2i k\u00e1rtt\u00e1kove sehe jieij\u00e2d oht\u00e2vuot\u00e2ti\u00e4\u0111uid. Lahte almott\u00e2s\u00e2n m\u00e1h\u0111ul\u00e2\u0161vuo\u0111\u00e2i mield meid kuuvijd roskimsaajeest. Almott\u00e2s tun pu\u00e1vt\u00e1h tooh\u00e2\u0111 kirj\u00e1l\u00e1vt ovd\u00e2merkk\u00e2n \u0161le\u0111g\u00e2poost\u00e2 peht \u010dujott\u00e2s\u00e2n&nbsp;<a href=\"mailto:ymparistonsuojelu@sodankyla.fi\">ymparistonsuojelu@sodankyla.fi<\/a>.<\/p>\n<\/div>\n\n\n\n<hr class=\"wp-block-separator has-alpha-channel-opacity\" style=\"margin-top:2em;margin-bottom:4em\"\/>\n<\/div>\n\n\n\n<div class=\"wp-block-group is-layout-flow wp-block-group-is-layout-flow\">\n<h2 class=\"wp-block-heading\">Almott\u00e2s pas\u00e2tt\u00e2s \u00e1\u00e1mm\u00e1tlii nuurr\u00e2mtooim\u00e2st pas\u00e2tt\u00e2shuol\u00e2tt\u00e2sregister\u00e2n<\/h2>\n\n\n\n<div class=\"wp-block-group has-alys-trans-red-background-color has-background has-global-padding is-layout-constrained wp-container-core-group-is-layout-11 wp-block-group-is-layout-constrained\" style=\"border-radius:1.75em;margin-top:1em;margin-bottom:1em;padding-top:2em;padding-right:1em;padding-bottom:2em;padding-left:1em\">\n<p>Pas\u00e2tt\u00e2s \u00e1\u00e1mm\u00e1tlii nuurr\u00e2m h\u00e1rjutteijee kalga tooh\u00e2\u0111 pas\u00e2tt\u00e2slaav\u00e2 100 \u00a7 mi\u00e4ld\u00e1sii almott\u00e2s pas\u00e2tt\u00e2shuol\u00e2tt\u00e2sregister\u00e2n merkkim v\u00e1r\u00e1s kield\u00e2 pir\u00e2ssuoj\u00e2lemvirgeom\u00e2h\u00e2\u017e\u00e2n.&nbsp;<\/p>\n\n\n\n<p>Pas\u00e2tt\u00e2s nur\u00e2m\u00e1in u\u00e1ivilduvvoo pas\u00e2tt\u00e2slaav\u00e2 6 \u00a7 mield pas\u00e2tt\u00e2s nuurr\u00e2m kiddoduv hald\u00e2\u0161eijee, kield\u00e2, pyevtitteijee, jyehhee t\u00e2i eres pele ornim vu\u00e1st\u00e1v\u00e4ldimsajan jie\u0161r\u00e1\u0111\u00e1lii kie\u0111\u00e2vu\u0161\u0161\u00e2m v\u00e1r\u00e1s t\u00e2i pas\u00e2tt\u00e2s joo\u0111eetm\u00e2n kie\u0111\u00e2vu\u0161m\u00e2n, mieldi luh\u00e2m\u00e1in pas\u00e2tt\u00e2s alg\u00e2\u0161laj\u00e2tt\u00e2ll\u00e2m j\u00e1 kosk\u00e2pudd\u00e2s\u00e2\u0161 vuorkkim. <\/p>\n\n\n\n<p>Almott\u00e2s kie\u0111\u00e2vu\u0161mist pi\u00e4rroo m\u00e1ksu. Almott\u00e2s\u00e2n t\u00e1rbuliih lu\u00e1m\u00e1ttuvah k\u00e1vnojeh <a href=\"https:\/\/www.suomi.fi\/palvelut\/lomake\/ilmoitus-jatteen-ammattimaisesta-keraystoiminnasta-jatehuoltorekisteriin-elinkeino-liikenne-ja-ymparistokeskus\/1eb02ecf-f9db-45f3-87df-4d25d3f5a7f9\"><mark style=\"background-color:rgba(0, 0, 0, 0);color:#3c1cc0\" class=\"has-inline-color\">Suomi.fi-palv\u00e2lus\u00e2st<\/mark><\/a>.<\/p>\n<\/div>\n\n\n\n<hr class=\"wp-block-separator has-alpha-channel-opacity\" style=\"margin-top:2em;margin-bottom:4em\"\/>\n<\/div>\n<\/div>\n\n\n\n<div class=\"wp-block-column is-layout-flow wp-block-column-is-layout-flow\" style=\"flex-basis:33.33%\">\n<h3 class=\"wp-block-heading\">Asiakirjat<\/h3>\n\n\n\n<p class=\"links\" style=\"margin-top:1em;margin-bottom:1em\"><a href=\"https:\/\/media.voog.com\/0000\/0044\/2776\/files\/1.7.2022%20Kunnalliset%20j%C3%A4tehuoltom%C3%A4%C3%A4r%C3%A4ykset-1.pdf\">Lapin J\u00e4tehuolto kuntayhtym\u00e4 &#8211; j\u00e4tehuoltom\u00e4\u00e4r\u00e4ykset (pdf)<\/a><\/p>\n\n\n\n<p class=\"links\" style=\"margin-top:1em;margin-bottom:1em\"><a href=\"https:\/\/www.utsjoki.fi\/wp-content\/uploads\/2019\/07\/utsjoen-kunnan-jatehuoltomaaraykset-2014-uudet.pdf\">Utsjoen kunnan j\u00e4tehuoltom\u00e4\u00e4r\u00e4ykset (pdf)<\/a><\/p>\n\n\n\n<h3 class=\"wp-block-heading links\">Linkit<\/h3>\n\n\n\n<p class=\"links\"><a href=\"https:\/\/www.finlex.fi\/fi\/laki\/ajantasa\/2011\/20110646\">J\u00e4telaki (646\/2011)<\/a><\/p>\n\n\n\n<p class=\"links\"><a href=\"https:\/\/finlex.fi\/fi\/laki\/alkup\/2021\/20210978\">Valtioneuvoston asetus j\u00e4tteist\u00e4 (978\/2021)<\/a><\/p>\n\n\n\n<p class=\"links\"><a href=\"https:\/\/www.kierratys.info\/\">Kierr\u00e4tys.info<\/a><\/p>\n\n\n\n<p class=\"links\"><a href=\"https:\/\/vaarallinenjate.fi\/\">vaarallinenjate.fi<\/a><\/p>\n\n\n\n<p class=\"links\"><a href=\"https:\/\/jatehuoltokompassi.fi\/\">J\u00e4tehuoltokompassi.fi<\/a><\/p>\n<\/div>\n<\/div>\n<\/div>\n","protected":false},"excerpt":{"rendered":"<p>Pas\u00e2tt\u00e2shuol\u00e2tt\u00e2s Pas\u00e2tt\u00e2shuol\u00e2tt\u00e2s\u00e2st Su\u00e1\u0111igil, Aanaar, Muonio sehe I\u00e4nuduv kield\u00e2i ku\u00e1vlust v\u00e4stid Laapi Pas\u00e2tt\u00e2shuol\u00e2tt\u00e2s kield\u00e2ovt\u00e2stume Lapeco. Ucjuv kield\u00e2 ku\u00e1vlust pas\u00e2tt\u00e2shuol\u00e2tt\u00e2s\u00e2st v\u00e4stid Ucjuv kield\u00e2 pas\u00e2tt\u00e2shuol\u00e2tt\u00e2s j\u00e1 pas\u00e2tt\u00e2snur\u00e2mist v\u00e4stid URBASER Oy. Oles Arkt\u00e2sii Laapi pir\u00e2ssuoj\u00e2lem ku\u00e1vlust l\u00e1\u00e1 Suom\u00e2 Pakkamu\u0111\u0111\u00e2sistano RINKI Oy sajeh (Rinki Oy ekosajeh). Finnoduv\u00e2i pas\u00e2tt\u00e2shuol\u00e2tt\u00e2s Finnoduvah j\u00e1 si\u00e4rv\u00e1duvah v\u00e4stideh jieijah jieij\u00e2s pas\u00e2tt\u00e2shuol\u00e2tt\u00e2s orniimist j\u00e1 ton koloin. Finnoduv\u00e2in [&hellip;]<\/p>\n","protected":false},"author":1,"featured_media":1613,"parent":0,"menu_order":0,"comment_status":"closed","ping_status":"closed","template":"","meta":{"footnotes":""},"class_list":["post-1762","page","type-page","status-publish","has-post-thumbnail","hentry"],"_links":{"self":[{"href":"https:\/\/arktisenlapinys.fi\/smn-fi\/wp-json\/wp\/v2\/pages\/1762","targetHints":{"allow":["GET"]}}],"collection":[{"href":"https:\/\/arktisenlapinys.fi\/smn-fi\/wp-json\/wp\/v2\/pages"}],"about":[{"href":"https:\/\/arktisenlapinys.fi\/smn-fi\/wp-json\/wp\/v2\/types\/page"}],"author":[{"embeddable":true,"href":"https:\/\/arktisenlapinys.fi\/smn-fi\/wp-json\/wp\/v2\/users\/1"}],"replies":[{"embeddable":true,"href":"https:\/\/arktisenlapinys.fi\/smn-fi\/wp-json\/wp\/v2\/comments?post=1762"}],"version-history":[{"count":4,"href":"https:\/\/arktisenlapinys.fi\/smn-fi\/wp-json\/wp\/v2\/pages\/1762\/revisions"}],"predecessor-version":[{"id":2437,"href":"https:\/\/arktisenlapinys.fi\/smn-fi\/wp-json\/wp\/v2\/pages\/1762\/revisions\/2437"}],"wp:featuredmedia":[{"embeddable":true,"href":"https:\/\/arktisenlapinys.fi\/smn-fi\/wp-json\/wp\/v2\/media\/1613"}],"wp:attachment":[{"href":"https:\/\/arktisenlapinys.fi\/smn-fi\/wp-json\/wp\/v2\/media?parent=1762"}],"curies":[{"name":"wp","href":"https:\/\/api.w.org\/{rel}","templated":true}]}}