{"id":1847,"date":"2020-03-11T08:29:07","date_gmt":"2020-03-11T06:29:07","guid":{"rendered":"https:\/\/arktisenlapinys.fi\/?page_id=1847"},"modified":"2024-09-30T10:02:33","modified_gmt":"2024-09-30T07:02:33","slug":"biedggoassama-duolvacazit","status":"publish","type":"page","link":"https:\/\/arktisenlapinys.fi\/se-fi\/biedggoassama-duolvacazit\/","title":{"rendered":"Bie\u0111ggo\u00e1ssama duolva\u010d\u00e1zit"},"content":{"rendered":"\n<div class=\"wp-block-group has-global-padding is-layout-constrained wp-block-group-is-layout-constrained\">\n<div class=\"wp-block-columns is-layout-flex wp-container-core-columns-is-layout-1 wp-block-columns-is-layout-flex\">\n<div class=\"wp-block-column is-layout-flow wp-block-column-is-layout-flow\" style=\"flex-basis:66.66%\">\n<div class=\"wp-block-group is-layout-flow wp-block-group-is-layout-flow\">\n<h2 class=\"wp-block-heading\">Bie\u0111ggo\u00e1ssama duolva\u010d\u00e1ziid gie\u0111ahallan<\/h2>\n\n\n\n<div class=\"wp-block-group has-alys-trans-red-background-color has-background has-global-padding is-layout-constrained wp-container-core-group-is-layout-1 wp-block-group-is-layout-constrained\" style=\"border-radius:1.75em;margin-top:1em;margin-bottom:1em;padding-top:2em;padding-right:1em;padding-bottom:2em;padding-left:1em\">\n<p>Bie\u0111ggo\u00e1ssama duolva\u010d\u00e1ziin d\u00e1rkkuhuvvojit duolva\u010d\u00e1hcefierpm\u00e1dagaid olggobeale guovlluid d\u00e1llodoaluid duolva\u010d\u00e1zit. Duolva\u010d\u00e1ziid galg\u00e1 jo\u0111ihit ja gie\u0111ahallat nu, ahte dat eai dagat birrasa billa\u0161uvvama v\u00e1ra. Giddodaga oamasteaddji v\u00e1stida \u00e1lot das, ahte giddodagas lea d\u00e1llodoalu duolva\u010d\u00e1ziid gie\u0111ahallama v\u00e1r\u00e1s heivvola\u0161 duolva\u010d\u00e1ziid gie\u0111ahallanortnet.<\/p>\n\n\n\n<p>Giddodagain, mat leat g\u00e1dde- ja eana\u010d\u00e1hceviidodagain, galget leat birassuodjalanl\u00e1gas mero\u0161tallon vuo\u0111\u0111od\u00e1si buhtistang\u00e1ib\u00e1dusaid mield\u00e1sa\u0161 duolva\u010d\u00e1ziid gie\u0111ahallanortnegat. Buhtistand\u00e1si guoski g\u00e1ib\u00e1dusa \u010duovvumis luovvanit autom\u00e1htala\u010d\u010dat almm\u00e1 ohcamu\u0161a haga giddodaga oamasteaddjit, geat leat rieg\u00e1dan ovdal 9.3.1943.<\/p>\n\n\n\n<p>Lobi spiehkkasit vuo\u0111\u0111od\u00e1si buhtistang\u00e1ib\u00e1dusain lea vejola\u0161 ohcat, jos d\u00e1rbba\u0161la\u0161 investeren liv\u010d\u010de giddodaga h\u00e1ldda\u0161eaddj\u00e1i govttoheapme. Spiehkkaseami lea vejola\u0161 mie\u0111ihit nu f\u00e1sta \u00e1sson giddodahkii go asttu\u00e1igge giddodahkii. Spiehkkaseapmi mie\u0111ihuvvo eanemust\u00e1 vi\u0111a jahk\u00e1i h\u00e1vil.<\/p>\n<\/div>\n\n\n\n<hr class=\"wp-block-separator has-alpha-channel-opacity\" style=\"margin-top:2em;margin-bottom:4em\"\/>\n<\/div>\n\n\n\n<div class=\"wp-block-group is-layout-flow wp-block-group-is-layout-flow\">\n<h2 class=\"wp-block-heading\">\u010c\u00e1hcefuolahusl\u00e1hka<\/h2>\n\n\n\n<div class=\"wp-block-group has-alys-trans-red-background-color has-background has-global-padding is-layout-constrained wp-container-core-group-is-layout-5 wp-block-group-is-layout-constrained\" style=\"border-radius:1.75em;margin-top:1em;margin-bottom:1em;padding-top:2em;padding-right:1em;padding-bottom:2em;padding-left:1em\">\n<p>\u010c\u00e1hcefuolahusl\u00e1ga (119\/2001) mihttomearrin lea sihkkarastit dakk\u00e1r \u010d\u00e1hcefuolahusa, ahte govttola\u0161 goluin lea oa\u017e\u017eumis doarv\u00e1i dearvvasvuo\u0111a d\u00e1fus ja mu\u0111uige buorre d\u00e1llodoallo\u010d\u00e1hci, sihke dearvvasvuo\u0111a- ja birassuodjaleami d\u00e1fus \u00e1\u0161\u0161\u00e1la\u0161 duolva\u010d\u00e1hceortnet.<\/p>\n\n\n\n<div class=\"wp-block-group has-global-padding is-layout-constrained wp-block-group-is-layout-constrained\">\n<p style=\"margin-top:2em;margin-bottom:0em;padding-top:1em;padding-right:1em;padding-bottom:1em;padding-left:1em\">\u010coahkkeb\u00e1ikki olggobeale giddodaga ii d\u00e1rbba\u0161 laktit \u010d\u00e1hcefuolahusl\u00e1g\u00e1dusa \u010d\u00e1hcebohcc\u00e1i, jos:<\/p>\n\n\n\n<ol style=\"margin-top:0em;margin-bottom:0em;padding-top:0;padding-right:2em;padding-bottom:1em;padding-left:4em\" class=\"wp-block-list\">\n<li>giddodaga \u010d\u00e1hcefuolahusrusttegat leat huksejuvvon ovdal \u010d\u00e1hcefuolahusl\u00e1g\u00e1dusa doaibmaguovllu dohkkeheami ja<\/li>\n\n\n\n<li>giddodagas lea geavahusas doarv\u00e1i olu dearvvasvuo\u0111asuodjalanl\u00e1gas \u00e1sahuvvon kvalitehtag\u00e1ib\u00e1dusaid deavdi d\u00e1llodoallo\u010d\u00e1hci.<\/li>\n<\/ol>\n<\/div>\n\n\n\n<div class=\"wp-block-group has-global-padding is-layout-constrained wp-block-group-is-layout-constrained\">\n<p style=\"margin-top:2em;margin-bottom:0em;padding-top:1em;padding-right:1em;padding-bottom:1em;padding-left:1em\">\u010coahkkeb\u00e1ikki olggobeale giddodaga ii d\u00e1rbba\u0161 laktit \u010d\u00e1hcefuolahusl\u00e1g\u00e1dusa duolva\u010d\u00e1hceortnegii, jos:<\/p>\n\n\n\n<ol style=\"margin-top:0em;margin-bottom:0em;padding-top:0;padding-right:2em;padding-bottom:1em;padding-left:4em\" class=\"wp-block-list\">\n<li>giddodaga \u010d\u00e1hcefuolahusrusttegat leat huksejuvvon ovdal \u010d\u00e1hcefuolahusl\u00e1g\u00e1dusa doaibmaguovllu dohkkeheami ja duolva\u010d\u00e1ziid jo\u0111iheamis ja gie\u0111ahallamis \u010duvvojuvvo, mii birassuodjalanl\u00e1gas (527\/2014) \u00e1sahuvvo; dahje<\/li>\n\n\n\n<li>giddodagas ii leat \u010d\u00e1hcehivsset ja dan duolva\u010d\u00e1ziid jo\u0111iheamis ja gie\u0111ahallamis, mii birassuodjalanl\u00e1gas \u00e1sahuvvo.<\/li>\n<\/ol>\n<\/div>\n\n\n\n<p>Ear\u00e1 d\u00e1hp\u00e1husas gieldda birassuodjalanvirgeoapmaha\u010d\u010das s\u00e1htt\u00e1 ohcat friijavuo\u0111a duolva\u010d\u00e1hceortnegii ja \u010d\u00e1hcebohcc\u00e1i searvamis. Eaktun \u010d\u00e1hcebohcc\u00e1i searvangeatnegasvuo\u0111as luvvemii lea, ahte giddodagas lea geavahusas doarv\u00e1i olu g\u00e1ib\u00e1dusaid deavdi d\u00e1llodoallo\u010d\u00e1hci. <\/p>\n\n\n\n<p>Eaktun duolva\u010d\u00e1hceortnegii searvangeatnegasvuo\u0111as luovvaneapm\u00e1i lea earret ear\u00e1, ahte giddodaga duolva\u010d\u00e1ziid jo\u0111iheami ja gie\u0111ahallama s\u00e1htt\u00e1 ordnet birassuodjalanl\u00e1gas \u00e1sahuvvon g\u00e1ib\u00e1dusaid mielde.<\/p>\n<\/div>\n<\/div>\n<\/div>\n\n\n\n<div class=\"wp-block-column is-layout-flow wp-block-column-is-layout-flow\" style=\"flex-basis:33.33%\">\n<h3 class=\"wp-block-heading links\">Asiakirjat<\/h3>\n\n\n\n<div class=\"wp-block-file has-link-color wp-elements-c19b2e1941735a9286bf756093560292\"><a href=\"https:\/\/arktisenlapinys.fi\/wp-content\/uploads\/Poikkeamiskaavake-j\u00e4tevesien-k\u00e4sittelyst\u00e4.pdf\">Poikkeamiskaavake j\u00e4tevesien k\u00e4sittelyst\u00e4 (pdf)<\/a><\/div>\n\n\n\n<div class=\"wp-block-file has-link-color wp-elements-4f478fdcc8e2fe50237153a5d87b0d7a\"><a href=\"https:\/\/arktisenlapinys.fi\/wp-content\/uploads\/Liite-2-Selvitys-j\u00e4tevesij\u00e4rjestelm\u00e4st\u00e4.pdf\">Liite 2: Selvitys j\u00e4tevesij\u00e4rjestelm\u00e4st\u00e4 (pdf)<\/a><\/div>\n\n\n\n<div class=\"wp-block-file has-link-color wp-elements-60e3e9b6ef64155f230068e627d9f9c3\"><a href=\"https:\/\/arktisenlapinys.fi\/wp-content\/uploads\/Liite-3A_J\u00e4tevesien-v\u00e4h\u00e4isyys.pdf\">Liite 3A: J\u00e4tevesien v\u00e4h\u00e4isys (pdf)<\/a><\/div>\n\n\n\n<div class=\"wp-block-file has-link-color wp-elements-58b582104cb8c12a04c927f1e49bba81\"><a href=\"https:\/\/arktisenlapinys.fi\/wp-content\/uploads\/Liite-3B_Liitt\u00e4minen-viem\u00e4riverkkoon.pdf\">Liite 3B: Liitt\u00e4minen viem\u00e4riverkkoon (pdf)<\/a><\/div>\n\n\n\n<div class=\"wp-block-file has-link-color wp-elements-c80bbdd71c693ff2d0e91d289ade41ed\"><a href=\"https:\/\/arktisenlapinys.fi\/wp-content\/uploads\/Liite-3C_-Kiinteist\u00f6n-haltijan-korkea-ik\u00e4-ja-muut-el\u00e4m\u00e4ntilanteet.pdf\">Liite 3C: Kiinteist\u00f6n haltijan korkea ik\u00e4 ja muut el\u00e4m\u00e4ntilanteet (pdf)<\/a><\/div>\n\n\n\n<div class=\"wp-block-file has-link-color wp-elements-777a7466aa6a22920ec51d9e2040f4ae\"><a href=\"https:\/\/arktisenlapinys.fi\/wp-content\/uploads\/Liite-3D_Varallisuus_muu-suorituseste.pdf\">Liite 3D: Varallisuus muu suorituseste (pdf)<\/a><\/div>\n\n\n\n<h3 class=\"wp-block-heading\">Linkit<\/h3>\n\n\n\n<p class=\"links\" style=\"margin-top:1em;margin-bottom:1em\"><a href=\"https:\/\/www.finlex.fi\/fi\/laki\/ajantasa\/2014\/20140527\">Ymp\u00e4rist\u00f6nsuojelulaki (527\/2014)<\/a><\/p>\n\n\n\n<p class=\"links\" style=\"margin-top:1em;margin-bottom:1em\"><a href=\"https:\/\/finlex.fi\/fi\/laki\/ajantasa\/2017\/20170157\">Valtioneuvoston asetus talousj\u00e4tevesien k\u00e4sittelyst\u00e4 viem\u00e4riverkostojen ulkopuolisilla alueilla (157\/2017)<\/a><\/p>\n\n\n\n<p class=\"links\" style=\"margin-top:1em;margin-bottom:1em\"><a href=\"https:\/\/finlex.fi\/fi\/laki\/ajantasa\/2001\/20010119\">Vesihuoltolaki (119\/2001)<\/a><\/p>\n\n\n\n<p class=\"links\" style=\"margin-top:1em;margin-bottom:1em\"><a href=\"http:\/\/www.sodankyla.fi\/asuminen\/Pages\/Rakennusvalvonta.aspx\">Sodankyl\u00e4n rakennusvalvonta<\/a><\/p>\n\n\n\n<p class=\"links\" style=\"margin-top:1em;margin-bottom:1em\"><a href=\"https:\/\/www.inari.fi\/fi\/palvelut\/tekniset-palvelut\/rakennusvalvonta.html\">Inarin rakennusvalvonta<\/a><\/p>\n\n\n\n<p class=\"links\" style=\"margin-top:1em;margin-bottom:1em\"><a href=\"https:\/\/www.muonio.fi\/elinvoima\/elinvoimapalvelut\/rakennusvalvonta.html\">Muonion rakennusvalvonta<\/a><\/p>\n\n\n\n<p class=\"links\" style=\"margin-top:1em;margin-bottom:1em\"><a href=\"https:\/\/enontekio.fi\/asuminen-ja-ymparisto\/rakennusvalvonta\/\">Enonteki\u00f6n rakennusvalvonta<\/a><\/p>\n\n\n\n<p class=\"links\" style=\"margin-top:1em;margin-bottom:1em\"><a href=\"https:\/\/www.utsjoki.fi\/asuminen-ja-ymparisto-2\/rakennusvalvonta\/\">Utsjoen rakennusvalvonta<\/a><\/p>\n<\/div>\n<\/div>\n<\/div>\n","protected":false},"excerpt":{"rendered":"<p>Bie\u0111ggo\u00e1ssama duolva\u010d\u00e1ziid gie\u0111ahallan Bie\u0111ggo\u00e1ssama duolva\u010d\u00e1ziin d\u00e1rkkuhuvvojit duolva\u010d\u00e1hcefierpm\u00e1dagaid olggobeale guovlluid d\u00e1llodoaluid duolva\u010d\u00e1zit. Duolva\u010d\u00e1ziid galg\u00e1 jo\u0111ihit ja gie\u0111ahallat nu, ahte dat eai dagat birrasa billa\u0161uvvama v\u00e1ra. Giddodaga oamasteaddji v\u00e1stida \u00e1lot das, ahte giddodagas lea d\u00e1llodoalu duolva\u010d\u00e1ziid gie\u0111ahallama v\u00e1r\u00e1s heivvola\u0161 duolva\u010d\u00e1ziid gie\u0111ahallanortnet. Giddodagain, mat leat g\u00e1dde- ja eana\u010d\u00e1hceviidodagain, galget leat birassuodjalanl\u00e1gas mero\u0161tallon vuo\u0111\u0111od\u00e1si buhtistang\u00e1ib\u00e1dusaid mield\u00e1sa\u0161 duolva\u010d\u00e1ziid gie\u0111ahallanortnegat. Buhtistand\u00e1si [&hellip;]<\/p>\n","protected":false},"author":1,"featured_media":1623,"parent":0,"menu_order":0,"comment_status":"closed","ping_status":"closed","template":"","meta":{"footnotes":""},"class_list":["post-1847","page","type-page","status-publish","has-post-thumbnail","hentry"],"_links":{"self":[{"href":"https:\/\/arktisenlapinys.fi\/se-fi\/wp-json\/wp\/v2\/pages\/1847","targetHints":{"allow":["GET"]}}],"collection":[{"href":"https:\/\/arktisenlapinys.fi\/se-fi\/wp-json\/wp\/v2\/pages"}],"about":[{"href":"https:\/\/arktisenlapinys.fi\/se-fi\/wp-json\/wp\/v2\/types\/page"}],"author":[{"embeddable":true,"href":"https:\/\/arktisenlapinys.fi\/se-fi\/wp-json\/wp\/v2\/users\/1"}],"replies":[{"embeddable":true,"href":"https:\/\/arktisenlapinys.fi\/se-fi\/wp-json\/wp\/v2\/comments?post=1847"}],"version-history":[{"count":2,"href":"https:\/\/arktisenlapinys.fi\/se-fi\/wp-json\/wp\/v2\/pages\/1847\/revisions"}],"predecessor-version":[{"id":1850,"href":"https:\/\/arktisenlapinys.fi\/se-fi\/wp-json\/wp\/v2\/pages\/1847\/revisions\/1850"}],"wp:featuredmedia":[{"embeddable":true,"href":"https:\/\/arktisenlapinys.fi\/se-fi\/wp-json\/wp\/v2\/media\/1623"}],"wp:attachment":[{"href":"https:\/\/arktisenlapinys.fi\/se-fi\/wp-json\/wp\/v2\/media?parent=1847"}],"curies":[{"name":"wp","href":"https:\/\/api.w.org\/{rel}","templated":true}]}}